{"id":463,"date":"2021-01-06T17:20:54","date_gmt":"2021-01-06T16:20:54","guid":{"rendered":"https:\/\/catering.malmborgs.se\/clemenstorget\/?page_id=463"},"modified":"2022-02-03T11:40:31","modified_gmt":"2022-02-03T10:40:31","slug":"sa-har-gar-det-till","status":"publish","type":"page","link":"https:\/\/catering.malmborgs.se\/clemenstorget\/sa-har-gar-det-till\/","title":{"rendered":"S\u00e5 h\u00e4r g\u00e5r det till"},"content":{"rendered":"<p class=\"lead icahand\">1. Bli inspirerad<\/p>\n<p>Bekanta dig med v\u00e5r supergoda catering i lugn och ro. Klicka runt och l\u00e4gg till de r\u00e4tter du \u00e4r intresserad av i din meny. F\u00f6r att f\u00e5 en uppfattning om priset kan du fylla i m\u00e4ngd eller antal portioner.<br \/>\n&nbsp;<\/p>\n<p class=\"lead icahand\">2. Skicka intressef\u00f6rfr\u00e5gan<\/p>\n<p>Klicka p\u00e5 &#8217;KLAR&#8217; \u00e4r du \u00e4r n\u00f6jd med din meny. Fyll i formul\u00e4ret och skicka din intressef\u00f6rfr\u00e5gan till oss. <em style=\"text-decoration:underline;\">F\u00f6rfr\u00e5gan \u00e4r inte en best\u00e4llning och den \u00e4r inte bindande. <\/em><br \/>\n&nbsp;<\/p>\n<p class=\"lead icahand\">3. Vi kontaktar dig<\/p>\n<p>Inom tv\u00e5 arbetsdagar kontaktar vi dig p\u00e5 telefon, s\u00e5 att vi kan slutf\u00f6ra din best\u00e4llning tillsammans. Det h\u00e4r g\u00f6r vi f\u00f6r att f\u00f6rs\u00e4kra oss om att allt blir perfekt. Vi diskuterar till exempel allergier och f\u00f6rslag p\u00e5 alternativ som passar f\u00f6r ditt tycke och smak.<br \/>\n&nbsp;<\/p>\n<p class=\"lead icahand\">4. H\u00e4mta<\/p>\n<p>Maten h\u00e4mtar och betalar du i butiken den dag vi kommit \u00f6verens om. Vill du f\u00e5 maten hemk\u00f6rd l\u00f6ser vi det ocks\u00e5 s\u00e5klart!<\/p>\n<p>&nbsp;<\/p>\n<p><img loading=\"lazy\" decoding=\"async\" src=\"https:\/\/catering.malmborgs.se\/clemenstorget\/wp-content\/uploads\/avdelare.png\" alt=\"\" width=\"1163\" height=\"12\" class=\"aligncenter size-full wp-image-459\" srcset=\"https:\/\/catering.malmborgs.se\/clemenstorget\/wp-content\/uploads\/avdelare.png 1163w, https:\/\/catering.malmborgs.se\/clemenstorget\/wp-content\/uploads\/avdelare-300x3.png 300w, https:\/\/catering.malmborgs.se\/clemenstorget\/wp-content\/uploads\/avdelare-1024x11.png 1024w, https:\/\/catering.malmborgs.se\/clemenstorget\/wp-content\/uploads\/avdelare-768x8.png 768w\" sizes=\"(max-width: 1163px) 100vw, 1163px\" \/><\/p>\n<p>&nbsp;<\/p>\n<p class=\"lead icahand\">Vill du inte bli kontaktad?<\/p>\n<p>Om du f\u00f6redrar att best\u00e4lla \u00f6ver disk \u00e4r s\u00e5klart du hj\u00e4rtligt v\u00e4lkommen in! Det g\u00e5r ocks\u00e5 bra att ringa oss p\u00e5 telefon 046 &#8211; 440 32 20.<\/p>\n","protected":false},"excerpt":{"rendered":"<p>1. Bli inspirerad Bekanta dig med v\u00e5r supergoda catering i lugn och ro. Klicka runt och l\u00e4gg till de r\u00e4tter du \u00e4r intresserad av i din meny. F\u00f6r att f\u00e5 en uppfattning om priset kan du fylla i m\u00e4ngd eller antal portioner. &nbsp; 2. Skicka intressef\u00f6rfr\u00e5gan Klicka p\u00e5 &#8217;KLAR&#8217; \u00e4r du \u00e4r n\u00f6jd med din [&hellip;]<\/p>\n","protected":false},"author":2,"featured_media":0,"parent":0,"menu_order":0,"comment_status":"closed","ping_status":"closed","template":"","meta":{"_acf_changed":false,"footnotes":""},"acf":[],"_links":{"self":[{"href":"https:\/\/catering.malmborgs.se\/clemenstorget\/wp-json\/wp\/v2\/pages\/463"}],"collection":[{"href":"https:\/\/catering.malmborgs.se\/clemenstorget\/wp-json\/wp\/v2\/pages"}],"about":[{"href":"https:\/\/catering.malmborgs.se\/clemenstorget\/wp-json\/wp\/v2\/types\/page"}],"author":[{"embeddable":true,"href":"https:\/\/catering.malmborgs.se\/clemenstorget\/wp-json\/wp\/v2\/users\/2"}],"replies":[{"embeddable":true,"href":"https:\/\/catering.malmborgs.se\/clemenstorget\/wp-json\/wp\/v2\/comments?post=463"}],"version-history":[{"count":5,"href":"https:\/\/catering.malmborgs.se\/clemenstorget\/wp-json\/wp\/v2\/pages\/463\/revisions"}],"predecessor-version":[{"id":1806,"href":"https:\/\/catering.malmborgs.se\/clemenstorget\/wp-json\/wp\/v2\/pages\/463\/revisions\/1806"}],"wp:attachment":[{"href":"https:\/\/catering.malmborgs.se\/clemenstorget\/wp-json\/wp\/v2\/media?parent=463"}],"curies":[{"name":"wp","href":"https:\/\/api.w.org\/{rel}","templated":true}]}}